{"id":479,"date":"2023-08-15T09:07:11","date_gmt":"2023-08-15T06:07:11","guid":{"rendered":"https:\/\/www.kurkkumarkkinat.fi\/?page_id=479"},"modified":"2023-08-15T16:15:06","modified_gmt":"2023-08-15T13:15:06","slug":"vuoden-kurkunleikkaajat","status":"publish","type":"page","link":"https:\/\/www.kurkkumarkkinat.fi\/?page_id=479","title":{"rendered":"Vuoden Kurkunleikkaajat"},"content":{"rendered":"\n<p>T\u00e4m\u00e4 kunniamaininta my\u00f6nnet\u00e4\u00e4n henkil\u00f6lle, joka on omalla ty\u00f6ll\u00e4\u00e4n ja olemuksellaan edist\u00e4nyt Askaisten elinvoimaisuutta, toimintaa ja tunnettavuutta.<\/p>\n\n\n\n<div class=\"wp-block-columns is-layout-flex wp-container-core-columns-is-layout-9d6595d7 wp-block-columns-is-layout-flex\">\n<div class=\"wp-block-column is-layout-flow wp-block-column-is-layout-flow\" style=\"flex-basis:100%\">\n<p>1. 1989 Jaakko Ruola<br \/>2. 1990 Hilkka Isoj\u00e4rvi<br \/>3. 1991 Reino Rautavuori<br \/>4. 1992 Pauli Pietil\u00e4<br \/>5. 1993 Hely Laaksonen<br \/>6. 1994 Pertti Malin<br \/>7. 1995 Arja Ahola<br \/>8. 1996 Kaarina Ylh\u00e4inen<br \/>9. 1997 Pertti Ver\u00e4j\u00e4nkorva<br \/>10. 1998 Taisto Rusi<br \/>11. 1999 Eija M\u00e4kel\u00e4<br \/>12. 2000 Tauno Suominen<br \/>13. 2001 Pertti Paavanen<br \/>14. 2002 Tapani Ver\u00e4j\u00e4nkorva<br \/>15. 2003 Seppo Salonen<br \/>16. 2004 Raili Junninen<br \/>17. 2005 Askaisten Martat , Livonsaaren Martat ja Seiv\u00e4st\u00f6n Martat<br \/>18. 2006 Pekka M\u00e4\u00e4tt\u00e4nen<br \/>19. 2007 Arto Pietil\u00e4<br \/>20. 2008 Teppo Kaamanen<br \/>21. 2009 Ossi Anttalainen<br \/>22. 2010 P\u00e4ivi P\u00f6yh\u00f6nen<br \/>23. 2011 Elise P\u00e4ivinen<br \/>24. 2012 Seppo Vainio<br \/>25. 2013 Kati Nappa ja Markku Heikkil\u00e4<br \/>26. 2014 Rami Koivisto<br \/>27. 2015 Satu Ahtinen<br \/>28. 2016 Marja Koponen<br \/>29. 2017 Irmeli Ver\u00e4j\u00e4nkorva<br \/>30. 2018 Pekka Laine<br \/>31. 2019 Timo Kajander<br \/>32. 2020 Sanna Malin <br \/>33. 2021 Soili Kivel\u00e4<br \/>34. 2022 Kaisa ja Jussi \u00d6rn<br \/>35. 2023 Kimmo Saarinen<\/p>\n<\/div>\n<\/div>\n\n\n\n<figure class=\"wp-block-gallery has-nested-images columns-default is-cropped wp-block-gallery-1 is-layout-flex wp-block-gallery-is-layout-flex\">\n<figure class=\"wp-block-image size-large\"><a href=\"https:\/\/www.kurkkumarkkinat.fi\/tietoja\/vuoden-kurkunleikkaajat\/img_3361\/\"><img loading=\"lazy\" decoding=\"async\" width=\"720\" height=\"960\" data-id=\"490\" src=\"https:\/\/www.kurkkumarkkinat.fi\/wp-content\/uploads\/2023\/08\/IMG_3361.jpg\" alt=\"\" class=\"wp-image-490\" srcset=\"https:\/\/www.kurkkumarkkinat.fi\/wp-content\/uploads\/2023\/08\/IMG_3361.jpg 720w, https:\/\/www.kurkkumarkkinat.fi\/wp-content\/uploads\/2023\/08\/IMG_3361-225x300.jpg 225w\" sizes=\"auto, (max-width: 720px) 100vw, 720px\" \/><\/a><figcaption class=\"wp-element-caption\">2014 Rami Koivisto<\/figcaption><\/figure>\n\n\n\n<figure class=\"wp-block-image size-large\"><a href=\"https:\/\/www.kurkkumarkkinat.fi\/tietoja\/vuoden-kurkunleikkaajat\/img_8332\/\"><img loading=\"lazy\" decoding=\"async\" width=\"768\" height=\"1024\" data-id=\"493\" src=\"https:\/\/www.kurkkumarkkinat.fi\/wp-content\/uploads\/2023\/08\/IMG_8332-768x1024.jpg\" alt=\"\" class=\"wp-image-493\" srcset=\"https:\/\/www.kurkkumarkkinat.fi\/wp-content\/uploads\/2023\/08\/IMG_8332-768x1024.jpg 768w, https:\/\/www.kurkkumarkkinat.fi\/wp-content\/uploads\/2023\/08\/IMG_8332-225x300.jpg 225w, https:\/\/www.kurkkumarkkinat.fi\/wp-content\/uploads\/2023\/08\/IMG_8332-1152x1536.jpg 1152w, https:\/\/www.kurkkumarkkinat.fi\/wp-content\/uploads\/2023\/08\/IMG_8332-1536x2048.jpg 1536w, https:\/\/www.kurkkumarkkinat.fi\/wp-content\/uploads\/2023\/08\/IMG_8332-scaled.jpg 1920w\" sizes=\"auto, (max-width: 767px) 89vw, (max-width: 1000px) 54vw, (max-width: 1071px) 543px, 580px\" \/><\/a><figcaption class=\"wp-element-caption\">2016 Marja Koponen<\/figcaption><\/figure>\n\n\n\n<figure class=\"wp-block-image size-large\"><a href=\"https:\/\/www.kurkkumarkkinat.fi\/tietoja\/vuoden-kurkunleikkaajat\/img_1398\/\"><img loading=\"lazy\" decoding=\"async\" width=\"768\" height=\"1024\" data-id=\"496\" src=\"https:\/\/www.kurkkumarkkinat.fi\/wp-content\/uploads\/2023\/08\/IMG_1398-768x1024.jpeg\" alt=\"\" class=\"wp-image-496\" srcset=\"https:\/\/www.kurkkumarkkinat.fi\/wp-content\/uploads\/2023\/08\/IMG_1398-768x1024.jpeg 768w, https:\/\/www.kurkkumarkkinat.fi\/wp-content\/uploads\/2023\/08\/IMG_1398-225x300.jpeg 225w, https:\/\/www.kurkkumarkkinat.fi\/wp-content\/uploads\/2023\/08\/IMG_1398-1152x1536.jpeg 1152w, https:\/\/www.kurkkumarkkinat.fi\/wp-content\/uploads\/2023\/08\/IMG_1398-1536x2048.jpeg 1536w, https:\/\/www.kurkkumarkkinat.fi\/wp-content\/uploads\/2023\/08\/IMG_1398-scaled.jpeg 1920w\" sizes=\"auto, (max-width: 767px) 89vw, (max-width: 1000px) 54vw, (max-width: 1071px) 543px, 580px\" \/><\/a><figcaption class=\"wp-element-caption\">2018 Pekka Laine<\/figcaption><\/figure>\n\n\n\n<figure class=\"wp-block-image size-large\"><a href=\"https:\/\/www.kurkkumarkkinat.fi\/tietoja\/vuoden-kurkunleikkaajat\/img_4301\/\"><img loading=\"lazy\" decoding=\"async\" width=\"616\" height=\"1024\" data-id=\"498\" src=\"https:\/\/www.kurkkumarkkinat.fi\/wp-content\/uploads\/2023\/08\/IMG_4301-616x1024.jpeg\" alt=\"\" class=\"wp-image-498\" srcset=\"https:\/\/www.kurkkumarkkinat.fi\/wp-content\/uploads\/2023\/08\/IMG_4301-616x1024.jpeg 616w, https:\/\/www.kurkkumarkkinat.fi\/wp-content\/uploads\/2023\/08\/IMG_4301-181x300.jpeg 181w, https:\/\/www.kurkkumarkkinat.fi\/wp-content\/uploads\/2023\/08\/IMG_4301-768x1276.jpeg 768w, https:\/\/www.kurkkumarkkinat.fi\/wp-content\/uploads\/2023\/08\/IMG_4301-924x1536.jpeg 924w, https:\/\/www.kurkkumarkkinat.fi\/wp-content\/uploads\/2023\/08\/IMG_4301-1232x2048.jpeg 1232w, https:\/\/www.kurkkumarkkinat.fi\/wp-content\/uploads\/2023\/08\/IMG_4301-scaled.jpeg 1541w\" sizes=\"auto, (max-width: 616px) 100vw, 616px\" \/><\/a><figcaption class=\"wp-element-caption\">2019 Timo Kajander<\/figcaption><\/figure>\n\n\n\n<figure class=\"wp-block-image size-large\"><a href=\"https:\/\/www.kurkkumarkkinat.fi\/2020\/08\/10\/sanna-malinista-vuoden-2020-kurkunleikkaaja\/img_7988\/\"><img loading=\"lazy\" decoding=\"async\" width=\"768\" height=\"1024\" data-id=\"190\" src=\"https:\/\/www.kurkkumarkkinat.fi\/wp-content\/uploads\/2020\/08\/IMG_7988-768x1024.jpeg\" alt=\"\" class=\"wp-image-190\" srcset=\"https:\/\/www.kurkkumarkkinat.fi\/wp-content\/uploads\/2020\/08\/IMG_7988-768x1024.jpeg 768w, https:\/\/www.kurkkumarkkinat.fi\/wp-content\/uploads\/2020\/08\/IMG_7988-225x300.jpeg 225w, https:\/\/www.kurkkumarkkinat.fi\/wp-content\/uploads\/2020\/08\/IMG_7988-1152x1536.jpeg 1152w, https:\/\/www.kurkkumarkkinat.fi\/wp-content\/uploads\/2020\/08\/IMG_7988-1536x2048.jpeg 1536w, https:\/\/www.kurkkumarkkinat.fi\/wp-content\/uploads\/2020\/08\/IMG_7988-scaled.jpeg 1920w\" sizes=\"auto, (max-width: 767px) 89vw, (max-width: 1000px) 54vw, (max-width: 1071px) 543px, 580px\" \/><\/a><figcaption class=\"wp-element-caption\">2020 Sanna Malin<\/figcaption><\/figure>\n\n\n\n<figure class=\"wp-block-image size-large\"><a href=\"https:\/\/www.kurkkumarkkinat.fi\/2021\/08\/14\/soili-kivelasta-vuoden-2021-kurkunleikkaaja\/img_1685\/\"><img loading=\"lazy\" decoding=\"async\" width=\"768\" height=\"1024\" data-id=\"325\" src=\"https:\/\/www.kurkkumarkkinat.fi\/wp-content\/uploads\/2021\/09\/IMG_1685-768x1024.jpeg\" alt=\"\" class=\"wp-image-325\" srcset=\"https:\/\/www.kurkkumarkkinat.fi\/wp-content\/uploads\/2021\/09\/IMG_1685-768x1024.jpeg 768w, https:\/\/www.kurkkumarkkinat.fi\/wp-content\/uploads\/2021\/09\/IMG_1685-225x300.jpeg 225w, https:\/\/www.kurkkumarkkinat.fi\/wp-content\/uploads\/2021\/09\/IMG_1685-1152x1536.jpeg 1152w, https:\/\/www.kurkkumarkkinat.fi\/wp-content\/uploads\/2021\/09\/IMG_1685-1536x2048.jpeg 1536w, https:\/\/www.kurkkumarkkinat.fi\/wp-content\/uploads\/2021\/09\/IMG_1685-scaled.jpeg 1920w\" sizes=\"auto, (max-width: 767px) 89vw, (max-width: 1000px) 54vw, (max-width: 1071px) 543px, 580px\" \/><\/a><figcaption class=\"wp-element-caption\">2021 Soili Kivel\u00e4<\/figcaption><\/figure>\n\n\n\n<figure class=\"wp-block-image size-large\"><a href=\"https:\/\/www.kurkkumarkkinat.fi\/2022\/08\/13\/kaisa-ja-jussi-orn-vuoden-2022-kurkunleikkaajat\/img_4782\/\"><img loading=\"lazy\" decoding=\"async\" width=\"768\" height=\"1024\" data-id=\"422\" src=\"https:\/\/www.kurkkumarkkinat.fi\/wp-content\/uploads\/2022\/08\/IMG_4782-768x1024.jpeg\" alt=\"\" class=\"wp-image-422\" srcset=\"https:\/\/www.kurkkumarkkinat.fi\/wp-content\/uploads\/2022\/08\/IMG_4782-768x1024.jpeg 768w, https:\/\/www.kurkkumarkkinat.fi\/wp-content\/uploads\/2022\/08\/IMG_4782-225x300.jpeg 225w, https:\/\/www.kurkkumarkkinat.fi\/wp-content\/uploads\/2022\/08\/IMG_4782-1152x1536.jpeg 1152w, https:\/\/www.kurkkumarkkinat.fi\/wp-content\/uploads\/2022\/08\/IMG_4782-1536x2048.jpeg 1536w, https:\/\/www.kurkkumarkkinat.fi\/wp-content\/uploads\/2022\/08\/IMG_4782-scaled.jpeg 1920w\" sizes=\"auto, (max-width: 767px) 89vw, (max-width: 1000px) 54vw, (max-width: 1071px) 543px, 580px\" \/><\/a><figcaption class=\"wp-element-caption\">2022 Jussi ja Kaisa \u00d6rn<\/figcaption><\/figure>\n\n\n\n<figure class=\"wp-block-image size-large\"><a href=\"https:\/\/www.kurkkumarkkinat.fi\/askaisten-kurkkumarkkinat-2023\/img_0652\/\"><img loading=\"lazy\" decoding=\"async\" width=\"768\" height=\"1024\" data-id=\"469\" src=\"https:\/\/www.kurkkumarkkinat.fi\/wp-content\/uploads\/2023\/08\/IMG_0652-768x1024.jpeg\" alt=\"\" class=\"wp-image-469\" srcset=\"https:\/\/www.kurkkumarkkinat.fi\/wp-content\/uploads\/2023\/08\/IMG_0652-768x1024.jpeg 768w, https:\/\/www.kurkkumarkkinat.fi\/wp-content\/uploads\/2023\/08\/IMG_0652-225x300.jpeg 225w, https:\/\/www.kurkkumarkkinat.fi\/wp-content\/uploads\/2023\/08\/IMG_0652-1152x1536.jpeg 1152w, https:\/\/www.kurkkumarkkinat.fi\/wp-content\/uploads\/2023\/08\/IMG_0652-1536x2048.jpeg 1536w, https:\/\/www.kurkkumarkkinat.fi\/wp-content\/uploads\/2023\/08\/IMG_0652-scaled.jpeg 1920w\" sizes=\"auto, (max-width: 767px) 89vw, (max-width: 1000px) 54vw, (max-width: 1071px) 543px, 580px\" \/><\/a><figcaption class=\"wp-element-caption\">2023 Kimmo Saarinen<\/figcaption><\/figure>\n<\/figure>\n\n\n\n<p>Kuvat: Rami Koivisto<\/p>\n","protected":false},"excerpt":{"rendered":"<p>T\u00e4m\u00e4 kunniamaininta my\u00f6nnet\u00e4\u00e4n henkil\u00f6lle, joka on omalla ty\u00f6ll\u00e4\u00e4n ja olemuksellaan edist\u00e4nyt Askaisten elinvoimaisuutta, toimintaa ja tunnettavuutta. 1. 1989 Jaakko Ruola2. 1990 Hilkka Isoj\u00e4rvi3. 1991 Reino Rautavuori4. 1992 Pauli Pietil\u00e45. 1993 Hely Laaksonen6. 1994 Pertti Malin7. 1995 Arja Ahola8. 1996 Kaarina Ylh\u00e4inen9. 1997 Pertti Ver\u00e4j\u00e4nkorva10. 1998 Taisto Rusi11. 1999 Eija M\u00e4kel\u00e412. 2000 Tauno Suominen13. 2001 Pertti &hellip; <\/p>\n<p class=\"link-more\"><a href=\"https:\/\/www.kurkkumarkkinat.fi\/?page_id=479\" class=\"more-link\">Jatka lukemista<span class=\"screen-reader-text\"> &#8221;Vuoden Kurkunleikkaajat&#8221;<\/span><\/a><\/p>\n","protected":false},"author":1,"featured_media":487,"parent":27,"menu_order":1,"comment_status":"closed","ping_status":"closed","template":"","meta":{"ngg_post_thumbnail":0,"footnotes":""},"class_list":["post-479","page","type-page","status-publish","has-post-thumbnail","hentry"],"_links":{"self":[{"href":"https:\/\/www.kurkkumarkkinat.fi\/index.php?rest_route=\/wp\/v2\/pages\/479","targetHints":{"allow":["GET"]}}],"collection":[{"href":"https:\/\/www.kurkkumarkkinat.fi\/index.php?rest_route=\/wp\/v2\/pages"}],"about":[{"href":"https:\/\/www.kurkkumarkkinat.fi\/index.php?rest_route=\/wp\/v2\/types\/page"}],"author":[{"embeddable":true,"href":"https:\/\/www.kurkkumarkkinat.fi\/index.php?rest_route=\/wp\/v2\/users\/1"}],"replies":[{"embeddable":true,"href":"https:\/\/www.kurkkumarkkinat.fi\/index.php?rest_route=%2Fwp%2Fv2%2Fcomments&post=479"}],"version-history":[{"count":14,"href":"https:\/\/www.kurkkumarkkinat.fi\/index.php?rest_route=\/wp\/v2\/pages\/479\/revisions"}],"predecessor-version":[{"id":502,"href":"https:\/\/www.kurkkumarkkinat.fi\/index.php?rest_route=\/wp\/v2\/pages\/479\/revisions\/502"}],"up":[{"embeddable":true,"href":"https:\/\/www.kurkkumarkkinat.fi\/index.php?rest_route=\/wp\/v2\/pages\/27"}],"wp:featuredmedia":[{"embeddable":true,"href":"https:\/\/www.kurkkumarkkinat.fi\/index.php?rest_route=\/wp\/v2\/media\/487"}],"wp:attachment":[{"href":"https:\/\/www.kurkkumarkkinat.fi\/index.php?rest_route=%2Fwp%2Fv2%2Fmedia&parent=479"}],"curies":[{"name":"wp","href":"https:\/\/api.w.org\/{rel}","templated":true}]}}